{"id":104013,"date":"2021-07-08T13:09:13","date_gmt":"2021-07-08T11:09:13","guid":{"rendered":"https:\/\/www.professionalbyfama.com\/?page_id=104013"},"modified":"2022-09-15T15:56:47","modified_gmt":"2022-09-15T13:56:47","slug":"cuidado-del-color","status":"publish","type":"page","link":"https:\/\/www.professionalbyfama.com\/es\/tratamiento\/cuidado-del-color\/","title":{"rendered":"Cuidado Del Color &#8211; Cura del Colore &#8211; Iconic"},"content":{"rendered":"<p>[vc_row row_height_percent=&#8221;0&#8243; override_padding=&#8221;yes&#8221; h_padding=&#8221;2&#8243; top_padding=&#8221;5&#8243; bottom_padding=&#8221;5&#8243; overlay_alpha=&#8221;50&#8243; gutter_size=&#8221;4&#8243; column_width_percent=&#8221;100&#8243; shift_y=&#8221;0&#8243; z_index=&#8221;0&#8243;][vc_column column_width_percent=&#8221;100&#8243; gutter_size=&#8221;2&#8243; overlay_alpha=&#8221;50&#8243; shift_x=&#8221;0&#8243; shift_y=&#8221;0&#8243; shift_y_down=&#8221;0&#8243; z_index=&#8221;0&#8243; medium_width=&#8221;0&#8243; mobile_width=&#8221;0&#8243; width=&#8221;1\/1&#8243;][vc_row_inner][vc_column_inner width=&#8221;1\/1&#8243;][vc_custom_heading heading_semantic=&#8221;h1&#8243; text_size=&#8221;fontsize-445851&#8243; subheading=&#8221;Saber elegir y utilizar los productos adecuados ayuda a mejorar el trabajo t\u00e9cnico.&#8221;]Cuidado del Color[\/vc_custom_heading][vc_empty_space empty_h=&#8221;2&#8243;][vc_empty_space empty_h=&#8221;2&#8243;][\/vc_column_inner][\/vc_row_inner][vc_row_inner][vc_column_inner column_width_percent=&#8221;100&#8243; gutter_size=&#8221;2&#8243; overlay_alpha=&#8221;50&#8243; shift_x=&#8221;0&#8243; shift_y=&#8221;0&#8243; shift_y_down=&#8221;0&#8243; z_index=&#8221;0&#8243; medium_width=&#8221;0&#8243; mobile_width=&#8221;0&#8243; width=&#8221;4\/12&#8243;][vc_custom_heading heading_semantic=&#8221;h3&#8243; text_size=&#8221;fontsize-155944&#8243; css_animation=&#8221;zoom-in&#8221;]Verdaderos y propios ayudantes del colorista[\/vc_custom_heading][vc_empty_space empty_h=&#8221;2&#8243; desktop_visibility=&#8221;yes&#8221;][\/vc_column_inner][vc_column_inner column_width_percent=&#8221;100&#8243; gutter_size=&#8221;3&#8243; overlay_alpha=&#8221;50&#8243; shift_x=&#8221;0&#8243; shift_y=&#8221;0&#8243; shift_y_down=&#8221;0&#8243; z_index=&#8221;0&#8243; medium_visibility=&#8221;yes&#8221; medium_width=&#8221;0&#8243; mobile_visibility=&#8221;yes&#8221; mobile_width=&#8221;0&#8243; width=&#8221;2\/12&#8243;][\/vc_column_inner][vc_column_inner width=&#8221;6\/12&#8243;][vc_column_text css_animation=&#8221;zoom-in&#8221;]La experiencia de m\u00e1s de 40 a\u00f1os en el mundo del color profesional nos ha permitido crear una innovadora l\u00ednea de cuidado del cabello Hair Care dise\u00f1ada para el cuidado del cabello, revitaliza cada color cosm\u00e9tico y consigue resultados excepcionales. [\/vc_column_text][\/vc_column_inner][\/vc_row_inner][vc_empty_space empty_h=&#8221;2&#8243;][\/vc_column][\/vc_row][vc_row unlock_row_content=&#8221;yes&#8221; row_height_percent=&#8221;80&#8243; overlay_alpha=&#8221;50&#8243; gutter_size=&#8221;3&#8243; column_width_percent=&#8221;100&#8243; shift_y=&#8221;0&#8243; z_index=&#8221;0&#8243; css=&#8221;.vc_custom_1620230126032{margin-bottom: -50px !important;}&#8221;][vc_column width=&#8221;1\/1&#8243;][uncode_index el_id=&#8221;index-15687&#8243; isotope_mode=&#8221;fitRows&#8221; loop=&#8221;size:All|order_by:menu_order|order:ASC|post_type:product|tax_query:237&#8243; gutter_size=&#8221;2&#8243; post_items=&#8221;title,media,text,link,author,date,category,extra&#8221; page_items=&#8221;title,media,text,category&#8221; product_items=&#8221;title,media|featured|onpost|original|hide-sale|enhanced-atc,price|inline,spacer|half&#8221; portfolio_items=&#8221;title,media,text,category&#8221; screen_lg=&#8221;900&#8243; screen_md=&#8221;600&#8243; screen_sm=&#8221;480&#8243; single_shape=&#8221;round&#8221; radius=&#8221;xs&#8221; single_overlay_opacity=&#8221;20&#8243; single_image_anim=&#8221;no&#8221; single_h_align=&#8221;center&#8221; single_padding=&#8221;1&#8243; single_title_dimension=&#8221;fontsize-160000&#8243; single_border=&#8221;yes&#8221; single_css_animation=&#8221;bottom-t-top&#8221; single_animation_delay=&#8221;200&#8243; custom_order=&#8221;yes&#8221; no_double_tap=&#8221;yes&#8221; carousel_rtl=&#8221;&#8221; single_title_uppercase=&#8221;&#8221; filtering_menu=&#8221;inline&#8221; single_block_click=&#8221;&#8221; single_text_hover=&#8221;&#8221; single_no_background=&#8221;&#8221; single_title_serif=&#8221;&#8221; single_title_divider=&#8221;&#8221;][\/vc_column][\/vc_row][vc_row][vc_column width=&#8221;1\/1&#8243;][vc_empty_space empty_h=&#8221;0&#8243;][\/vc_column][\/vc_row]<\/p>\n","protected":false},"excerpt":{"rendered":"<p>[vc_row row_height_percent=&#8221;0&#8243; override_padding=&#8221;yes&#8221; h_padding=&#8221;2&#8243; top_padding=&#8221;5&#8243; bottom_padding=&#8221;5&#8243; overlay_alpha=&#8221;50&#8243; gutter_size=&#8221;4&#8243; column_width_percent=&#8221;100&#8243; shift_y=&#8221;0&#8243; z_index=&#8221;0&#8243;][vc_column column_width_percent=&#8221;100&#8243; gutter_size=&#8221;2&#8243; overlay_alpha=&#8221;50&#8243; shift_x=&#8221;0&#8243; shift_y=&#8221;0&#8243; shift_y_down=&#8221;0&#8243; z_index=&#8221;0&#8243; medium_width=&#8221;0&#8243; mobile_width=&#8221;0&#8243; width=&#8221;1\/1&#8243;][vc_row_inner][vc_column_inner width=&#8221;1\/1&#8243;][vc_custom_heading heading_semantic=&#8221;h1&#8243; text_size=&#8221;fontsize-445851&#8243; subheading=&#8221;Saber elegir y utilizar los productos adecuados ayuda a mejorar el trabajo t\u00e9cnico.&#8221;]Cuidado del Color[\/vc_custom_heading][vc_empty_space empty_h=&#8221;2&#8243;][vc_empty_space empty_h=&#8221;2&#8243;][\/vc_column_inner][\/vc_row_inner][vc_row_inner][vc_column_inner column_width_percent=&#8221;100&#8243; gutter_size=&#8221;2&#8243; overlay_alpha=&#8221;50&#8243; shift_x=&#8221;0&#8243; shift_y=&#8221;0&#8243; shift_y_down=&#8221;0&#8243; z_index=&#8221;0&#8243; medium_width=&#8221;0&#8243; mobile_width=&#8221;0&#8243; width=&#8221;4\/12&#8243;][vc_custom_heading heading_semantic=&#8221;h3&#8243; text_size=&#8221;fontsize-155944&#8243; css_animation=&#8221;zoom-in&#8221;]Verdaderos y [&hellip;]<\/p>\n","protected":false},"author":2,"featured_media":0,"parent":86372,"menu_order":0,"comment_status":"closed","ping_status":"closed","template":"","meta":{"_acf_changed":false,"footnotes":""},"class_list":["post-104013","page","type-page","status-publish","hentry"],"acf":[],"yoast_head":"<!-- This site is optimized with the Yoast SEO plugin v25.5 - https:\/\/yoast.com\/wordpress\/plugins\/seo\/ -->\n<title>Trattamenti Professionali Capelli | Professional By Fama<\/title>\n<meta name=\"description\" content=\"Prodotti specifici per chiudere il servizio di colorazione in salone e per proteggere qualsiasi tipo di colore cosmetico.\" \/>\n<meta name=\"robots\" content=\"index, follow, max-snippet:-1, max-image-preview:large, max-video-preview:-1\" \/>\n<link rel=\"canonical\" href=\"https:\/\/www.professionalbyfama.com\/es\/tratamiento\/cuidado-del-color\/\" \/>\n<meta property=\"og:locale\" content=\"es_ES\" \/>\n<meta property=\"og:type\" content=\"article\" \/>\n<meta property=\"og:title\" content=\"Trattamenti Professionali Capelli | Professional By Fama\" \/>\n<meta property=\"og:description\" content=\"Prodotti specifici per chiudere il servizio di colorazione in salone e per proteggere qualsiasi tipo di colore cosmetico.\" \/>\n<meta property=\"og:url\" content=\"https:\/\/www.professionalbyfama.com\/es\/tratamiento\/cuidado-del-color\/\" \/>\n<meta property=\"og:site_name\" content=\"Professional By Fama\" \/>\n<meta property=\"article:publisher\" content=\"https:\/\/www.facebook.com\/ProfessionalByFamaItaly\/\" \/>\n<meta property=\"article:modified_time\" content=\"2022-09-15T13:56:47+00:00\" \/>\n<meta name=\"twitter:card\" content=\"summary_large_image\" \/>\n<meta name=\"twitter:site\" content=\"@by_fama\" \/>\n<meta name=\"twitter:label1\" content=\"Est. reading time\" \/>\n\t<meta name=\"twitter:data1\" content=\"2 minutes\" \/>\n<script type=\"application\/ld+json\" class=\"yoast-schema-graph\">{\"@context\":\"https:\/\/schema.org\",\"@graph\":[{\"@type\":\"WebPage\",\"@id\":\"https:\/\/www.professionalbyfama.com\/es\/tratamiento\/cuidado-del-color\/\",\"url\":\"https:\/\/www.professionalbyfama.com\/es\/tratamiento\/cuidado-del-color\/\",\"name\":\"Trattamenti Professionali Capelli | Professional By Fama\",\"isPartOf\":{\"@id\":\"https:\/\/www.professionalbyfama.com\/#website\"},\"datePublished\":\"2021-07-08T11:09:13+00:00\",\"dateModified\":\"2022-09-15T13:56:47+00:00\",\"description\":\"Prodotti specifici per chiudere il servizio di colorazione in salone e per proteggere qualsiasi tipo di colore cosmetico.\",\"breadcrumb\":{\"@id\":\"https:\/\/www.professionalbyfama.com\/es\/tratamiento\/cuidado-del-color\/#breadcrumb\"},\"inLanguage\":\"es-ES\",\"potentialAction\":[{\"@type\":\"ReadAction\",\"target\":[\"https:\/\/www.professionalbyfama.com\/es\/tratamiento\/cuidado-del-color\/\"]}]},{\"@type\":\"BreadcrumbList\",\"@id\":\"https:\/\/www.professionalbyfama.com\/es\/tratamiento\/cuidado-del-color\/#breadcrumb\",\"itemListElement\":[{\"@type\":\"ListItem\",\"position\":1,\"name\":\"Home\",\"item\":\"https:\/\/www.professionalbyfama.com\/es\/\"},{\"@type\":\"ListItem\",\"position\":2,\"name\":\"Tratamiento\",\"item\":\"https:\/\/www.professionalbyfama.com\/es\/tratamiento\/\"},{\"@type\":\"ListItem\",\"position\":3,\"name\":\"Cuidado Del Color &#8211; Cura del Colore &#8211; Iconic\"}]},{\"@type\":\"WebSite\",\"@id\":\"https:\/\/www.professionalbyfama.com\/#website\",\"url\":\"https:\/\/www.professionalbyfama.com\/\",\"name\":\"Professional By Fama\",\"description\":\"\",\"publisher\":{\"@id\":\"https:\/\/www.professionalbyfama.com\/#organization\"},\"potentialAction\":[{\"@type\":\"SearchAction\",\"target\":{\"@type\":\"EntryPoint\",\"urlTemplate\":\"https:\/\/www.professionalbyfama.com\/?s={search_term_string}\"},\"query-input\":{\"@type\":\"PropertyValueSpecification\",\"valueRequired\":true,\"valueName\":\"search_term_string\"}}],\"inLanguage\":\"es-ES\"},{\"@type\":\"Organization\",\"@id\":\"https:\/\/www.professionalbyfama.com\/#organization\",\"name\":\"Professional By Fama\",\"url\":\"https:\/\/www.professionalbyfama.com\/\",\"logo\":{\"@type\":\"ImageObject\",\"inLanguage\":\"es-ES\",\"@id\":\"https:\/\/www.professionalbyfama.com\/#\/schema\/logo\/image\/\",\"url\":\"https:\/\/www.professionalbyfama.com\/wp-content\/uploads\/2020\/03\/logo.png\",\"contentUrl\":\"https:\/\/www.professionalbyfama.com\/wp-content\/uploads\/2020\/03\/logo.png\",\"width\":285,\"height\":88,\"caption\":\"Professional By Fama\"},\"image\":{\"@id\":\"https:\/\/www.professionalbyfama.com\/#\/schema\/logo\/image\/\"},\"sameAs\":[\"https:\/\/www.facebook.com\/ProfessionalByFamaItaly\/\",\"https:\/\/x.com\/by_fama\",\"https:\/\/www.instagram.com\/professionalbyfama\/\",\"https:\/\/it.linkedin.com\/company\/professional-by-fama\",\"https:\/\/www.youtube.com\/channel\/UC42gR3dWsu9TM5yjTVJlxdA\"]}]}<\/script>\n<!-- \/ Yoast SEO plugin. -->","yoast_head_json":{"title":"Trattamenti Professionali Capelli | Professional By Fama","description":"Prodotti specifici per chiudere il servizio di colorazione in salone e per proteggere qualsiasi tipo di colore cosmetico.","robots":{"index":"index","follow":"follow","max-snippet":"max-snippet:-1","max-image-preview":"max-image-preview:large","max-video-preview":"max-video-preview:-1"},"canonical":"https:\/\/www.professionalbyfama.com\/es\/tratamiento\/cuidado-del-color\/","og_locale":"es_ES","og_type":"article","og_title":"Trattamenti Professionali Capelli | Professional By Fama","og_description":"Prodotti specifici per chiudere il servizio di colorazione in salone e per proteggere qualsiasi tipo di colore cosmetico.","og_url":"https:\/\/www.professionalbyfama.com\/es\/tratamiento\/cuidado-del-color\/","og_site_name":"Professional By Fama","article_publisher":"https:\/\/www.facebook.com\/ProfessionalByFamaItaly\/","article_modified_time":"2022-09-15T13:56:47+00:00","twitter_card":"summary_large_image","twitter_site":"@by_fama","twitter_misc":{"Est. reading time":"2 minutes"},"schema":{"@context":"https:\/\/schema.org","@graph":[{"@type":"WebPage","@id":"https:\/\/www.professionalbyfama.com\/es\/tratamiento\/cuidado-del-color\/","url":"https:\/\/www.professionalbyfama.com\/es\/tratamiento\/cuidado-del-color\/","name":"Trattamenti Professionali Capelli | Professional By Fama","isPartOf":{"@id":"https:\/\/www.professionalbyfama.com\/#website"},"datePublished":"2021-07-08T11:09:13+00:00","dateModified":"2022-09-15T13:56:47+00:00","description":"Prodotti specifici per chiudere il servizio di colorazione in salone e per proteggere qualsiasi tipo di colore cosmetico.","breadcrumb":{"@id":"https:\/\/www.professionalbyfama.com\/es\/tratamiento\/cuidado-del-color\/#breadcrumb"},"inLanguage":"es-ES","potentialAction":[{"@type":"ReadAction","target":["https:\/\/www.professionalbyfama.com\/es\/tratamiento\/cuidado-del-color\/"]}]},{"@type":"BreadcrumbList","@id":"https:\/\/www.professionalbyfama.com\/es\/tratamiento\/cuidado-del-color\/#breadcrumb","itemListElement":[{"@type":"ListItem","position":1,"name":"Home","item":"https:\/\/www.professionalbyfama.com\/es\/"},{"@type":"ListItem","position":2,"name":"Tratamiento","item":"https:\/\/www.professionalbyfama.com\/es\/tratamiento\/"},{"@type":"ListItem","position":3,"name":"Cuidado Del Color &#8211; Cura del Colore &#8211; Iconic"}]},{"@type":"WebSite","@id":"https:\/\/www.professionalbyfama.com\/#website","url":"https:\/\/www.professionalbyfama.com\/","name":"Professional By Fama","description":"","publisher":{"@id":"https:\/\/www.professionalbyfama.com\/#organization"},"potentialAction":[{"@type":"SearchAction","target":{"@type":"EntryPoint","urlTemplate":"https:\/\/www.professionalbyfama.com\/?s={search_term_string}"},"query-input":{"@type":"PropertyValueSpecification","valueRequired":true,"valueName":"search_term_string"}}],"inLanguage":"es-ES"},{"@type":"Organization","@id":"https:\/\/www.professionalbyfama.com\/#organization","name":"Professional By Fama","url":"https:\/\/www.professionalbyfama.com\/","logo":{"@type":"ImageObject","inLanguage":"es-ES","@id":"https:\/\/www.professionalbyfama.com\/#\/schema\/logo\/image\/","url":"https:\/\/www.professionalbyfama.com\/wp-content\/uploads\/2020\/03\/logo.png","contentUrl":"https:\/\/www.professionalbyfama.com\/wp-content\/uploads\/2020\/03\/logo.png","width":285,"height":88,"caption":"Professional By Fama"},"image":{"@id":"https:\/\/www.professionalbyfama.com\/#\/schema\/logo\/image\/"},"sameAs":["https:\/\/www.facebook.com\/ProfessionalByFamaItaly\/","https:\/\/x.com\/by_fama","https:\/\/www.instagram.com\/professionalbyfama\/","https:\/\/it.linkedin.com\/company\/professional-by-fama","https:\/\/www.youtube.com\/channel\/UC42gR3dWsu9TM5yjTVJlxdA"]}]}},"_links":{"self":[{"href":"https:\/\/www.professionalbyfama.com\/es\/wp-json\/wp\/v2\/pages\/104013","targetHints":{"allow":["GET"]}}],"collection":[{"href":"https:\/\/www.professionalbyfama.com\/es\/wp-json\/wp\/v2\/pages"}],"about":[{"href":"https:\/\/www.professionalbyfama.com\/es\/wp-json\/wp\/v2\/types\/page"}],"author":[{"embeddable":true,"href":"https:\/\/www.professionalbyfama.com\/es\/wp-json\/wp\/v2\/users\/2"}],"replies":[{"embeddable":true,"href":"https:\/\/www.professionalbyfama.com\/es\/wp-json\/wp\/v2\/comments?post=104013"}],"version-history":[{"count":8,"href":"https:\/\/www.professionalbyfama.com\/es\/wp-json\/wp\/v2\/pages\/104013\/revisions"}],"predecessor-version":[{"id":135641,"href":"https:\/\/www.professionalbyfama.com\/es\/wp-json\/wp\/v2\/pages\/104013\/revisions\/135641"}],"up":[{"embeddable":true,"href":"https:\/\/www.professionalbyfama.com\/es\/wp-json\/wp\/v2\/pages\/86372"}],"wp:attachment":[{"href":"https:\/\/www.professionalbyfama.com\/es\/wp-json\/wp\/v2\/media?parent=104013"}],"curies":[{"name":"wp","href":"https:\/\/api.w.org\/{rel}","templated":true}]}}